{"id":731,"date":"2023-12-06T12:16:44","date_gmt":"2023-12-06T12:16:44","guid":{"rendered":"https:\/\/szczecin.pkps.org.pl\/?page_id=731"},"modified":"2023-12-14T11:21:48","modified_gmt":"2023-12-14T11:21:48","slug":"fead-2021-plus-sprawozdanie","status":"publish","type":"page","link":"https:\/\/szczecin.pkps.org.pl\/?page_id=731","title":{"rendered":"FEAD  2021 PLUS  &#8211; SPRAWOZDANIE"},"content":{"rendered":"<div id=\"pl-731\"  class=\"panel-layout\" ><div id=\"pg-731-0\"  class=\"panel-grid panel-no-style\" ><div id=\"pgc-731-0-0\"  class=\"panel-grid-cell\" ><div id=\"panel-731-0-0-0\" class=\"so-panel widget widget_sow-editor panel-first-child panel-last-child\" data-index=\"0\" ><div\n\t\t\t\n\t\t\tclass=\"so-widget-sow-editor so-widget-sow-editor-base\"\n\t\t\t\n\t\t><h3 class=\"widget-title\">Program Operacyjny Pomoc \u017bywno\u015bciowa Podprogram 2021 PLUS okres realizacji 02.2023-09.2023 - SPRAWOZDANIE<\/h3>\n<div class=\"siteorigin-widget-tinymce textwidget\">\n\t<div class=\"page\" title=\"Page 1\">\n<div class=\"layoutArea\">\n<div class=\"column\">\n<p style=\"font-weight: 400;\"><strong>Program Operacyjny Pomoc \u017bywno\u015bciowa Podprogram 2021 PLUS okres realizacji 02.2023-09.2023 - SPRAWOZDANIE<\/strong><\/p>\n<p style=\"font-weight: 400;\"><strong>PO P\u017b 2014-2020 Podprogram 2021 PLUS<\/strong> by\u0142 realizowany w okresie od lutego 2023 r. do wrze\u015bnia 2023 r. przez\u00a0 Zachodniopomorski Zarz\u0105d Wojew\u00f3dzki Polskiego Komitetu Pomocy Spo\u0142ecznej w Szczecinie. Celem og\u00f3lnym by\u0142o zapewnienie najubo\u017cszym mieszka\u0144com Polski pomocy \u017cywno\u015bciowej oraz uczestnictwo w dzia\u0142aniach w ramach \u015brodk\u00f3w towarzysz\u0105cych.<\/p>\n<p style=\"font-weight: 400;\"><strong>W realizacji Programu 2021 uczestniczy\u0142y Zarz\u0105dy Terenowe PKPS:<\/strong><\/p>\n<p style=\"font-weight: 400;\"><strong>Zarz\u0105d Powiatowy PKPS<\/strong><br \/>\nul. Lipowa 8<br \/>\n72-100 Goleni\u00f3w<br \/>\ntel. 91 418-47-92<br \/>\n<strong><u>czynny od poniedzia\u0142ku do pi\u0105tku w godz.\u00a0 10,00 \u2013 14,00 <\/u><\/strong><\/p>\n<p style=\"font-weight: 400;\"><strong>Zarz\u0105d Powiatowy PKPS<\/strong><br \/>\nul. Pionier\u00f3w 13<br \/>\n74-300 My\u015blib\u00f3rz tel.601-709-048<br \/>\n<strong><u>czynny\u00a0 w czwartki w godz.\u00a0 9,00 \u2013 14,00<\/u><\/strong><\/p>\n<p style=\"font-weight: 400;\"><strong>Zarz\u0105d Miejsko-Gminny PKPS <\/strong><br \/>\nul. Strzelecka 29<br \/>\n74-320 Barlinek tel. 603-044-408<br \/>\n<strong><u>czynny w ka\u017cdy czwartek w godz. 10,00 \u2013 16,00<\/u><\/strong><\/p>\n<p style=\"font-weight: 400;\"><strong>Zarz\u0105d Miejsko\u2013Gminny\u00a0 PKPS <\/strong><br \/>\nul. 700-Lecia 14<br \/>\n72-200 Nowogard tel. 513-945-652<br \/>\n<strong><u>czynny od poniedzia\u0142ku do pi\u0105tku \u00a0w godz. 10,00 \u2013 13,00<\/u><\/strong><\/p>\n<p style=\"font-weight: 400;\"><strong>Zarz\u0105d Powiatowy PKPS<\/strong><br \/>\nul. Plac Ratuszowy 1<br \/>\n74-200 Pyrzyce tel. 515-279-832<br \/>\n<strong><u>Punkt wydawania \u017cywno\u015bci 72-212 Bielice \u015bwietlica wiejska czynna w ostatni wtorek ka\u017cdego miesi\u0105ca w godz.\u00a0 8,00 \u2013 15,00<\/u><\/strong><\/p>\n<p style=\"font-weight: 400;\"><strong>Zarz\u0105d Miejsko \u2013 Gminny PKPS <\/strong>ul. Wieniawskiego 13A<br \/>\n76-150 Dar\u0142owo<br \/>\nTel. 94\u00a0314-67-61<br \/>\n<strong><u>czynny od poniedzia\u0142ku do pi\u0105tku w godz. 7,00 - 15,00<\/u><\/strong><\/p>\n<p style=\"font-weight: 400;\"><strong>Punkt Pomocy PKPS<br \/>\n<\/strong>Robotnicza 9\/U2<br \/>\n71-712 Szczecin<br \/>\ntel. 797-318-277<br \/>\n<strong><u>czynny od poniedzia\u0142ku do pi\u0105tku w godz. 10,00 \u2013 14,00<\/u><\/strong><\/p>\n<p style=\"font-weight: 400;\">Wszelkie uwagi mo\u017cna by\u0142o sk\u0142ada\u0107 do: Zachodniopomorskiego Zarz\u0105du Wojew\u00f3dzkiego PKPS<br \/>\nJagiello\u0144ska 18\/2 70-362 Szczecin<br \/>\ntel. 91 433-45-04, lub 797-318-277, 530-992-915<br \/>\n<strong>Biuro czynne od poniedzia\u0142ku do pi\u0105tku w godz. od 7,00 \u2013 15,00<\/strong><\/p>\n<p style=\"font-weight: 400;\"><strong><u>INFORMACJE OG\u00d3LNE<\/u><\/strong><\/p>\n<p style=\"font-weight: 400;\"><strong>Ka\u017cdy zg\u0142oszony podopieczny posiadaj\u0105cy skierowanie wydane przez MOPR\/OPS\/GOPS otrzyma\u0142 paczk\u0119 \u017cywno\u015bciow\u0105\u00a0 sk\u0142adaj\u0105c\u0105 si\u0119 z 6 produkt\u00f3w (<\/strong>dla 1 odbiorcy ko\u0144cowego)<strong>:<\/strong><\/p>\n<table style=\"font-weight: 400;\">\n<tbody>\n<tr>\n<td><strong>Lp.<\/strong><\/td>\n<td><strong>Nazwa artyku\u0142u spo\u017cywczego<\/strong><\/td>\n<td><strong>Liczba opakowa\u0144 na osob\u0119<\/strong><\/td>\n<td><strong>Wielko\u015b\u0107 opakowa\u0144 jednostkowych (kg\/l)<\/strong><\/td>\n<td><strong>Ilo\u015b\u0107 artyku\u0142u spo\u017cywczego na osob\u0119\u00a0 (kg\/l)<\/strong><\/td>\n<\/tr>\n<tr>\n<td><strong>\u00a0\u00a0 1.<\/strong><\/td>\n<td><strong>Powid\u0142a \u015bliwkowe<\/strong><\/td>\n<td><strong>1<\/strong><\/td>\n<td><strong>0,3<\/strong><\/td>\n<td><strong>0,3 kg<\/strong><\/td>\n<\/tr>\n<tr>\n<td><strong>\u00a0\u00a0 2.<\/strong><\/td>\n<td><strong>Makaron jajeczny \u015bwiderki<\/strong><\/td>\n<td><strong>4<\/strong><\/td>\n<td><strong>0,5<\/strong><\/td>\n<td><strong>\u00a02 kg<\/strong><\/td>\n<\/tr>\n<tr>\n<td><strong>\u00a0\u00a0 3.<\/strong><\/td>\n<td><strong>Mleko UHT<\/strong><\/td>\n<td><strong>2<\/strong><\/td>\n<td><strong>1<\/strong><\/td>\n<td><strong>2 l<\/strong><\/td>\n<\/tr>\n<tr>\n<td><strong>\u00a0\u00a0 4.<\/strong><\/td>\n<td><strong>Szynka wieprzowa mielona<\/strong><\/td>\n<td><strong>3<\/strong><\/td>\n<td><strong>0,3<\/strong><\/td>\n<td><strong>0,9 kg<\/strong><\/td>\n<\/tr>\n<tr>\n<td><strong>\u00a0<\/strong><\/p>\n<p><strong>5.<\/strong><\/p>\n<\/td>\n<td><strong>Cukier bia\u0142y<\/strong><\/td>\n<td><strong>2<\/strong><\/td>\n<td><strong>1<\/strong><\/td>\n<td><strong>2 kg<\/strong><\/td>\n<\/tr>\n<tr>\n<td><strong>\u00a0<\/strong><\/p>\n<p><strong>6.<\/strong><\/p>\n<\/td>\n<td><strong>Olej rzepakowy<\/strong><\/td>\n<td><strong>2<\/strong><\/td>\n<td><strong>1<\/strong><\/td>\n<td><strong>2 l<\/strong><\/td>\n<\/tr>\n<tr>\n<td><strong>\u00a0<\/strong><\/td>\n<td><strong>Suma<\/strong><\/td>\n<td><strong>14 opakowa\u0144<\/strong><\/td>\n<td><strong>\u00a0<\/strong><\/td>\n<td><strong>9,2 kg<\/strong><\/td>\n<\/tr>\n<\/tbody>\n<\/table>\n<p style=\"font-weight: 400;\"><strong>\u00a0<\/strong><\/p>\n<p style=\"font-weight: 400;\"><strong>Grupy os\u00f3b najbardziej potrzebuj\u0105cych, do kt\u00f3rych by\u0142a\u00a0 skierowana pomoc \u017cywno\u015bciowa:<\/strong><\/p>\n<ul style=\"font-weight: 400;\">\n<li>bezdomni,<\/li>\n<li>niepe\u0142nosprawni,<\/li>\n<li>migranci, osoby obcego pochodzenia, mniejszo\u015bci narodowe (w tym spo\u0142eczno\u015bci marginalizowane),<\/li>\n<li>pozosta\u0142e grupy odbiorc\u00f3w spe\u0142niaj\u0105ce kryteria okre\u015blone poni\u017cej.<\/li>\n<\/ul>\n<p style=\"font-weight: 400;\"><strong>Kryteria kwalifikowalno\u015bci os\u00f3b do statusu osoby najbardziej potrzebuj\u0105cej.<\/strong><\/p>\n<p style=\"font-weight: 400;\">Pomoc\u0105 \u017cywno\u015bciow\u0105 w ramach PO P\u017b by\u0142y obj\u0119te osoby i rodziny znajduj\u0105ce si\u0119 w trudnej sytuacji \u017cyciowej, spe\u0142niaj\u0105ce kryteria okre\u015blone w art.87 ustawy z dnia 12 marca 2004 r. o pomocy spo\u0142ecznej i kt\u00f3rych doch\u00f3d nie przekracza\u00a0 235% kryterium dochodowego uprawniaj\u0105cego do skorzystania z pomocy spo\u0142ecznej, tj. 1.823,60\u00a0 z\u0142 dla osoby samotnie gospodaruj\u0105cej i 1.410,00 z\u0142 dla osoby w rodzinie.<\/p>\n<p style=\"font-weight: 400;\"><strong>Spos\u00f3b kwalifikowania os\u00f3b do uczestnictwa w PO P\u017b:<\/strong><\/p>\n<p style=\"font-weight: 400;\">- OPR i OPL uczestnicz\u0105ce w PO P\u017b wsp\u00f3\u0142pracowa\u0142y z OPS w gminach w zakresie doboru odbiorc\u00f3w lub weryfikacji kwalifikowalno\u015bci odbiorc\u00f3w ko\u0144cowych.<\/p>\n<p style=\"font-weight: 400;\">- OPS-y wydawa\u0142y osobom skierowania do otrzymania pomocy \u017cywno\u015bciowej lub przekazywa\u0142y organizacjom listy os\u00f3b zakwalifikowanych do pomocy z PO P\u017b, pod warunkiem uzyskania ich zgody. Przy dokonywaniu kwalifikacji OPS-y bra\u0142y pod uwag\u0119 fakt korzystania z form pomocy finansowanej w ramach wieloletniego programu wspierania finansowego gmin w zakresie do\u017cywiania \u201ePomoc pa\u0144stwa w zakresie do\u017cywiania\u201d na lata 2014\u20132023, tak aby zapewni\u0107 uzupe\u0142niaj\u0105cy charakter pomocy z PO P\u017b. Ponadto rozpowszechnia\u0142y informacje o realizacji PO P\u017b i wskazywa\u0142y najbli\u017csze miejsca lub punkty wydawania artyku\u0142\u00f3w spo\u017cywczych.<\/p>\n<p style=\"font-weight: 400;\">- OPR i OPL mog\u0142y w swoich siedzibach przyjmowa\u0107 o\u015bwiadczenia od os\u00f3b kwalifikuj\u0105cych si\u0119 do przyjmowania pomocy \u017cywno\u015bciowej Za\u0142\u0105cznik nr 5 cz\u0119\u015b\u0107 B do WIZ. O\u015bwiadczenie wraz z wype\u0142nionym skierowaniem Za\u0142\u0105cznik nr 5 cz\u0119\u015b\u0107 A przekazywane by\u0142y do w\u0142a\u015bciwych OPS, kt\u00f3ry potwierdza\u0142 kwalifikowalno\u015b\u0107 do przyznania pomocy. O\u015bwiadczenia o dochodach Za\u0142\u0105cznik nr 5 cz\u0119\u015b\u0107 B przechowywane by\u0142y we w\u0142a\u015bciwym OPS.<\/p>\n<p style=\"font-weight: 400;\">- OPR i OPL samodzielnie kwalifikowa\u0142y wy\u0142\u0105cznie osoby bezdomne do udzia\u0142u w PO P\u017b na podstawie\u00a0 o\u015bwiadczenia, stanowi\u0105cego Za\u0142\u0105cznik nr 6 do WIZ. Ka\u017cda jednostka organizacyjna PKPS \/ organizacja wsp\u00f3\u0142pracuj\u0105ca zobowi\u0105zana by\u0142a do prowadzenia rzetelnej dokumentacji potwierdzaj\u0105cej kwalifikowalno\u015b\u0107 os\u00f3b otrzymuj\u0105cych gotowe artyku\u0142y spo\u017cywcze.<\/p>\n<table style=\"font-weight: 400;\" width=\"688\">\n<tbody>\n<tr>\n<td colspan=\"11\" width=\"688\">Liczba os\u00f3b obj\u0119tych pomoc\u0105 \u017cywno\u015bciow\u0105<\/td>\n<td width=\"0\"><\/td>\n<\/tr>\n<tr>\n<td colspan=\"2\" rowspan=\"2\" width=\"104\">P\u0141A\u0106<\/td>\n<td colspan=\"3\" width=\"151\">WIEK<\/td>\n<td colspan=\"4\" width=\"304\">GRUPY ODBIORC\u00d3W<\/td>\n<td colspan=\"2\" width=\"130\">WYSOKO\u015a\u0106 DOCHODU<\/td>\n<td width=\"0\"><\/td>\n<\/tr>\n<tr>\n<td rowspan=\"2\" width=\"45\">15 lat lub poni\u017cej<\/td>\n<td rowspan=\"2\" width=\"49\">\u00a065 lat lub powy\u017cej<\/td>\n<td rowspan=\"2\" width=\"56\">Pozosta\u0142e osoby<\/td>\n<td rowspan=\"2\" width=\"57\">Bezdomni<\/td>\n<td rowspan=\"2\" width=\"88\">Niepe\u0142nosprawni<\/td>\n<td rowspan=\"2\" width=\"93\">Migranci (w tym spo\u0142eczno\u015bci<br \/>\nmarginalizowane)<\/td>\n<td rowspan=\"2\" width=\"66\">Osoby z pozosta\u0142ych grup<\/td>\n<td rowspan=\"2\" width=\"67\">do 100 % kryterium<\/td>\n<td rowspan=\"2\" width=\"63\">100% - 235% kryterium<\/td>\n<td width=\"0\"><\/td>\n<\/tr>\n<tr>\n<td width=\"45\">\u00a0Kobiety<\/td>\n<td width=\"59\">M\u0119\u017cczy\u017ani<\/td>\n<td width=\"0\"><\/td>\n<\/tr>\n<tr>\n<td width=\"45\">1780<\/td>\n<td width=\"59\">1844<\/td>\n<td width=\"45\">1176<\/td>\n<td width=\"49\">368<\/td>\n<td width=\"56\">2080<\/td>\n<td width=\"57\">204<\/td>\n<td width=\"88\">635<\/td>\n<td width=\"93\">208<\/td>\n<td width=\"66\">2577<\/td>\n<td width=\"67\">2513<\/td>\n<td width=\"63\">1111<\/td>\n<td width=\"0\"><\/td>\n<\/tr>\n<\/tbody>\n<\/table>\n<p style=\"font-weight: 400;\">W ramach Podprogramu 2021 PLUS realizowali\u015bmy r\u00f3wnie\u017c dzia\u0142ania towarzysz\u0105ce skierowane do os\u00f3b korzystaj\u0105cych z pomocy \u017cywno\u015bciowej, kt\u00f3re mia\u0142y na celu:<\/p>\n<ol>\n<li style=\"font-weight: 400;\">a)\u00a0 w\u0142\u0105czenie os\u00f3b do\u015bwiadczaj\u0105cych deprywacji materialnej w funkcjonowanie spo\u0142eczno\u015bci lokalnych, w szczeg\u00f3lno\u015bci:<\/li>\n<\/ol>\n<p style=\"font-weight: 400;\">- zaj\u0119cia aktywizuj\u0105ce i wsp\u00f3lne inicjatywy na rzecz spo\u0142eczno\u015bci lokalnej, zmierzaj\u0105ce do wyj\u015bcia z ub\u00f3stwa,<br \/>\n- grupy wsparcia dla r\u00f3\u017cnych kategorii os\u00f3b w trudnej sytuacji (np. osoby starsze, matki z dzie\u0107mi, osoby samotne).<\/p>\n<ol>\n<li style=\"font-weight: 400;\">b) pomoc towarzysz\u0105c\u0105 niezb\u0119dn\u0105 do zaspokajania podstawowych potrzeb \u017cyciowych - os\u00f3b korzystaj\u0105cych z pomocy \u017cywno\u015bciowej (z wy\u0142\u0105czeniem pomocy rzeczowej) :<\/li>\n<\/ol>\n<p style=\"font-weight: 400;\">- pomoc w utrzymaniu higieny osobistej osobom bezdomnym,<br \/>\n- wsparcie psychologiczne\/terapeutyczne os\u00f3b zagro\u017conych wykluczeniem spo\u0142ecznym.<\/p>\n<p style=\"font-weight: 400;\">W ramach tych dzia\u0142a\u0144 przeprowadzili\u015bmy \u0142\u0105cznie<strong> 19\u00a0 spotka\u0144 <\/strong>\u00a0w kt\u00f3rych wzi\u0119\u0142o udzia\u0142 \u00a0551<strong> osoby.<\/strong><\/p>\n<p style=\"font-weight: 400;\"><strong><u>Rodzaje przeprowadzonych warsztat\u00f3w i ilo\u015b\u0107 os\u00f3b uczestnicz\u0105cych:<\/u><\/strong><\/p>\n<ul style=\"font-weight: 400;\">\n<li>Warsztaty edukacji ekonomicznej \u2013 10 spotka\u0144, 287 uczestnik\u00f3w,<\/li>\n<li>Warsztaty kulinarne \u2013 0 spotka\u0144, 0 uczestnik\u00f3w,<\/li>\n<li>Programy edukacyjne maj\u0105ce na celu zapoznanie z zasadami zdrowego od\u017cywiania i przeciwdzia\u0142ania marnotrawieniu \u017cywno\u015bci \u2013 8 spotka\u0144, 236 uczestnik\u00f3w,<\/li>\n<li>Warsztaty dietetyczne i dotycz\u0105ce zdrowego \u017cywienia - 1 spotka\u0144, 28 uczestnik\u00f3w,<\/li>\n<li>Inne dzia\u0142ania o charakterze indywidualnym lub zbiorowym, maj\u0105ce na celu w\u0142\u0105czenie spo\u0142eczne os\u00f3b najbardziej potrzebuj\u0105cych. Wydarzenie o charakterze integracyjnym, w kt\u00f3rym uczestnicz\u0105 odbiorcy PO P\u017b, a kt\u00f3rego jedynym elementem jest sport \u2013 0 spotkanie -0 odbiorc\u00f3w.<\/li>\n<\/ul>\n<p style=\"font-weight: 400;\">W ca\u0142ym Podprogramie 2021 PLUS wydano 70,3892 ton \u017cywno\u015bci, liczba przekazanych paczek 6.278 sztuk, liczba przekazanych posi\u0142k\u00f3w 5.400 sztuk.<\/p>\n<h2><strong>Utrzymanie rygoru higienicznego w zwi\u0105zku z COVID-19<\/strong><\/h2>\n<p style=\"font-weight: 400;\">W zwi\u0105zku z nadzwyczajn\u0105 sytuacj\u0105 spowodowan\u0105 zagro\u017ceniem epidemiologicznym, jak r\u00f3wnie\u017c wej\u015bciem w \u017cycie ustawy z dnia 2 marca 2020 r. o szczeg\u00f3lnych rozwi\u0105zaniach zwi\u0105zanych z zapobieganiem, przeciwdzia\u0142aniem i zwalczaniem COVID-19, innych chor\u00f3b zaka\u017anych oraz wywo\u0142anych nimi sytuacji kryzysowych, Ministerstwo Rodziny, Pracy i Polityki Spo\u0142ecznej jako Instytucja Zarz\u0105dzaj\u0105ca PO P\u017b, zaktualizowa\u0142a Wytyczne Instytucji Zarz\u0105dzaj\u0105cej (MRiPS) dla Instytucji Po\u015brednicz\u0105cej i beneficjent\u00f3w dotycz\u0105cymi dzia\u0142a\u0144 realizowanych w ramach Programu Operacyjnego Pomoc \u017bywno\u015bciowa\u00a0 w Podprogramie 2021 PLUS.<\/p>\n<p style=\"font-weight: 400;\">Wprowadzone przepisy zosta\u0142y utrzymane w kolejnym Podprogramie do 30 czerwca 2023 roku. Od 1 lipca 2023 r.\u00a0na terenie Polski zostaje zniesiony stan zagro\u017cenia epidemicznego spowodowany zaka\u017ceniami wirusem SARS-CoV-2.<\/p>\n<\/div>\n<\/div>\n<\/div>\n<\/div>\n<\/div><\/div><\/div><\/div><\/div>","protected":false},"excerpt":{"rendered":"<p>Program Operacyjny Pomoc \u017bywno\u015bciowa Podprogram 2021 PLUS okres realizacji 02.2023-09.2023 &#8211; SPRAWOZDANIE PO P\u017b 2014-2020 Podprogram 2021 PLUS by\u0142 realizowany w okresie od lutego 2023 r. do wrze\u015bnia 2023 r. przez\u00a0 Zachodniopomorski Zarz\u0105d Wojew\u00f3dzki Polskiego Komitetu Pomocy Spo\u0142ecznej w Szczecinie. Celem og\u00f3lnym by\u0142o zapewnienie najubo\u017cszym mieszka\u0144com Polski pomocy \u017cywno\u015bciowej oraz uczestnictwo w dzia\u0142aniach w ramach [&hellip;]<\/p>\n","protected":false},"author":2,"featured_media":0,"parent":0,"menu_order":0,"comment_status":"closed","ping_status":"closed","template":"","meta":{"footnotes":"","_links_to":"","_links_to_target":""},"class_list":["post-731","page","type-page","status-publish"],"_links":{"self":[{"href":"https:\/\/szczecin.pkps.org.pl\/index.php?rest_route=\/wp\/v2\/pages\/731","targetHints":{"allow":["GET"]}}],"collection":[{"href":"https:\/\/szczecin.pkps.org.pl\/index.php?rest_route=\/wp\/v2\/pages"}],"about":[{"href":"https:\/\/szczecin.pkps.org.pl\/index.php?rest_route=\/wp\/v2\/types\/page"}],"author":[{"embeddable":true,"href":"https:\/\/szczecin.pkps.org.pl\/index.php?rest_route=\/wp\/v2\/users\/2"}],"replies":[{"embeddable":true,"href":"https:\/\/szczecin.pkps.org.pl\/index.php?rest_route=%2Fwp%2Fv2%2Fcomments&post=731"}],"version-history":[{"count":4,"href":"https:\/\/szczecin.pkps.org.pl\/index.php?rest_route=\/wp\/v2\/pages\/731\/revisions"}],"predecessor-version":[{"id":741,"href":"https:\/\/szczecin.pkps.org.pl\/index.php?rest_route=\/wp\/v2\/pages\/731\/revisions\/741"}],"wp:attachment":[{"href":"https:\/\/szczecin.pkps.org.pl\/index.php?rest_route=%2Fwp%2Fv2%2Fmedia&parent=731"}],"curies":[{"name":"wp","href":"https:\/\/api.w.org\/{rel}","templated":true}]}}