{"id":406,"date":"2020-01-02T18:59:23","date_gmt":"2020-01-02T18:59:23","guid":{"rendered":"http:\/\/szczecin.pkps.org.pl\/?page_id=406"},"modified":"2020-05-12T12:49:16","modified_gmt":"2020-05-12T12:49:16","slug":"fead-sprawozdanie-2019","status":"publish","type":"page","link":"https:\/\/szczecin.pkps.org.pl\/?page_id=406","title":{"rendered":"FEAD sprawozdanie 2018"},"content":{"rendered":"<div id=\"pl-406\"  class=\"panel-layout\" ><div id=\"pg-406-0\"  class=\"panel-grid panel-no-style\" ><div id=\"pgc-406-0-0\"  class=\"panel-grid-cell\" ><div id=\"panel-406-0-0-0\" class=\"so-panel widget widget_sow-editor panel-first-child panel-last-child\" data-index=\"0\" ><div\n\t\t\t\n\t\t\tclass=\"so-widget-sow-editor so-widget-sow-editor-base\"\n\t\t\t\n\t\t>\n<div class=\"siteorigin-widget-tinymce textwidget\">\n\t<p>PO P\u017b Podprogram 2018 by\u0142 realizowany w okresie wrze\u015bnia 2018 r. \u2013\u00a0 czerwca 2019 r. przez\u00a0 Zachodniopomorski Zarz\u0105d Wojew\u00f3dzki Polskiego Komitetu Pomocy Spo\u0142ecznej.<br \/>\nCelem og\u00f3lnym by\u0142o zapewnienie najubo\u017cszym mieszka\u0144com Polski pomocy \u017cywno\u015bciowej oraz uczestnictwa w dzia\u0142aniach w ramach \u015brodk\u00f3w towarzysz\u0105cych.<\/p>\n<p><strong>\u00a0<\/strong><strong>W realizacji programu uczestniczy\u0142y Zarz\u0105dy Terenowe PKPS:<\/strong><br \/>\nZarz\u0105d Powiatowy PKPS<br \/>\nul. Lipowa 8<br \/>\n72-100 Goleni\u00f3w<br \/>\ntel. 91 418-47-92<br \/>\n<strong><u>czynny od poniedzia\u0142ku do pi\u0105tku w godz. od 10- 14 <\/u><\/strong><\/p>\n<p><strong>Zarz\u0105d Powiatowy PKPS<\/strong><br \/>\nul. \u0141u\u017cycka 4<br \/>\n74-300 My\u015blib\u00f3rz<br \/>\n<strong><u>czynny\u00a0 w czwartki w godz. od 9-14<\/u><\/strong><\/p>\n<p><strong>Zarz\u0105d Miejsko-Gminny PKPS <\/strong><br \/>\nul. Strzelecka 29<br \/>\n74-320 Barlinek<br \/>\n<strong><u>czynny w ka\u017cdy czwartek od godz. 10-16<\/u><\/strong><\/p>\n<p><strong>Zarz\u0105d Miejsko \u2013 Gminny\u00a0 PKPS <\/strong><br \/>\nul. 700 Lecia 14<br \/>\n72-200 Nowogard<br \/>\n<strong><u>czynny w poniedzia\u0142ki i soboty od godz. 10-12<\/u><\/strong><\/p>\n<p><strong>Zarz\u0105d Powiatowy PKPS<\/strong><br \/>\nul. Stargardzka 34<br \/>\n74-200 Pyrzyce<br \/>\ntel. 518-160-979<br \/>\n<strong><u>czynny od wtorku do pi\u0105tku w godz. od 10-13<\/u><\/strong><\/p>\n<p>&nbsp;<\/p>\n<p><strong>Zarz\u0105d Powiatowy PKPS (magazyn zamkni\u0119ty dnia 27 marca 2019 roku ze wzgl\u0119du na wypowiedzenie umowy przez Urz\u0105d Miasta w Stargardzie)<\/strong><\/p>\n<p>Osiedle Zach\u00f3d A5<br \/>\n73-110 Stargard<br \/>\n<strong><u>czynny we wtorki, \u015brody od 10,00 do 12,00 <\/u><\/strong><\/p>\n<p><strong><u>Zarz\u0105d Miejsko \u2013 Gminny PKPS<\/u><\/strong><\/p>\n<p>Wieniawskiego 13A<br \/>\n76-150 Dar\u0142owo<br \/>\nTel. 94\u00a0314-67-61<br \/>\n<strong><u>czynny od poniedzia\u0142ku do pi\u0105tku od 7,00 do 15,00<\/u><\/strong><\/p>\n<p><strong>Punkt Pomocy PKPS<br \/>\n<\/strong>Robotnicza 9U2<br \/>\n71-712 Szczecin<br \/>\ntel. 797-318-277<br \/>\n<strong><u>czynny od poniedzia\u0142ku do pi\u0105tku w godz. od 10-14<\/u><\/strong><\/p>\n<p>Wszelkie uwagi mo\u017cna by\u0142o sk\u0142ada\u0107 do:<\/p>\n<p>Zachodniopomorskiego Zarz\u0105du Wojew\u00f3dzkiego PKPS<br \/>\nJagiello\u0144ska 18\/2<\/p>\n<p>70-362 Szczecin<br \/>\ntel. 91 433-45-04, lub 514-161-064<br \/>\n<strong>Biuro czynne od poniedzia\u0142ku do pi\u0105tku w godz. od 8-16<\/strong><\/p>\n<p>&nbsp;<\/p>\n<p><strong><u>INFORMACJE OG\u00d3LNE<\/u><\/strong><\/p>\n<p><strong>Ka\u017cdy zg\u0142oszony podopieczny posiadaj\u0105cy skierowanie wydane przez MOPR\/OPS\/GOPS otrzyma\u0142 paczk\u0119 \u017cywno\u015bciow\u0105\u00a0 sk\u0142adaj\u0105c\u0105 si\u0119 z nast\u0119puj\u0105cych produkt\u00f3w(<\/strong> dla 1 odbiorcy ko\u0144cowego)<strong>:<\/strong><\/p>\n<p>- 9 opakowa\u0144 groszku z marchewka (3,6 kg)<\/p>\n<p>-9 opakowa\u0144 fasoli bia\u0142ej (3,6 kg)<\/p>\n<p>-10 opakowa\u0144 koncentratu pomidorowego (1,60 kg)<\/p>\n<p>- 3 opakowania buraczk\u00f3w wi\u00f3rk\u00f3w (1,05 kg)<\/p>\n<p>- 6 opakowa\u0144 powide\u0142 \u015bliwkowych (1,80 kg)<\/p>\n<p>- 9 opakowa\u0144 makaronu jajecznego (4,50 kg)<\/p>\n<p>- 1 opakowanie makaronu kukurydzianego bezglutenowego (0,50 kg)<\/p>\n<p>- 3 opakowania ry\u017cu bia\u0142ego (3 kg)<\/p>\n<p>- 3 opakowania kaszy gryczanej (1,5 kg)<\/p>\n<p>- 4 opakowania herbatnik\u00f3w ma\u015blanych (0,80 kg)<\/p>\n<p>- 7 opakowa\u0144 mleka UHT (7 L)<\/p>\n<p>- 6 opakowa\u0144 sera podpuszczkowego dojrzewaj\u0105cego (2,40 kg)<\/p>\n<p>- 2 opakowania go\u0142\u0105bk\u00f3w w sosie pomidorowym (1,60 kg)<\/p>\n<p>- 10 opakowa\u0144 szynki drobiowej (3 kg)<\/p>\n<p>- 7 opakowa\u0144 szynki wieprzowej mielonej (2,10 kg)<\/p>\n<p>- 4 opakowania pasztetu wieprzowego (0,64 kg)<\/p>\n<p>- 10 opakowa\u0144 filetu z makreli w oleju (1,70 kg)<\/p>\n<p>- 4 opakowania cukru bia\u0142ego (4 kg)<\/p>\n<p>- 4 opakowania oleju rzepakowego (4 l)<\/p>\n<p>- 3 opakowania kabanos\u00f3w wieprzowych (0,36 kg)<\/p>\n<p>- 1 opakowanie miodu nektarowego wielokwiatowego (0,40 kg)<\/p>\n<p><strong>Grupy os\u00f3b najbardziej potrzebuj\u0105cych, do kt\u00f3rych by\u0142a\u00a0 skierowana pomoc \u017cywno\u015bciowa:<\/strong><\/p>\n<ul>\n<li>bezdomni,<\/li>\n<li>niepe\u0142nosprawni,<\/li>\n<\/ul>\n<p>\u2013\u00a0\u00a0\u00a0 migranci, osoby obcego pochodzenia, mniejszo\u015bci narodowe (w tym spo\u0142eczno\u015bci marginalizowane),<\/p>\n<p>\u2013\u00a0\u00a0\u00a0 pozosta\u0142e grupy odbiorc\u00f3w spe\u0142niaj\u0105ce kryteria okre\u015blone poni\u017cej,<\/p>\n<p><strong>Kryteria kwalifikowalno\u015bci os\u00f3b do statusu osoby najbardziej potrzebuj\u0105cej.<\/strong><\/p>\n<p>Pomoc\u0105 \u017cywno\u015bciow\u0105 w ramach PO P\u017b by\u0142y obj\u0119te osoby i rodziny znajduj\u0105ce si\u0119 w trudnej sytuacji \u017cyciowej, spe\u0142niaj\u0105ce kryteria okre\u015blone w art.87 ustawy z dnia 12 marca 2004r o pomocy spo\u0142ecznej i kt\u00f3rych doch\u00f3d nie przekracza\u00a0 200% kryterium dochodowego uprawniaj\u0105cego do skorzystania z pomocy spo\u0142ecznej, tj. 1402\u00a0 z\u0142 dla osoby samotnie gospodaruj\u0105cej i 1056 z\u0142 dla osoby w rodzinie.<\/p>\n<p><strong>Spos\u00f3b kwalifikowania os\u00f3b do uczestnictwa w PO P\u017b<\/strong><\/p>\n<p>OPR i OPL uczestnicz\u0105ce w PO P\u017b wsp\u00f3\u0142pracowa\u0142y z OPS w gminach w zakresie doboru odbiorc\u00f3w lub weryfikacji kwalifikowalno\u015bci odbiorc\u00f3w ko\u0144cowych.<\/p>\n<p>\u2013\u00a0 \u00a0OPS-y wydawa\u0142y osobom skierowania do otrzymania pomocy \u017cywno\u015bciowej lub przekazywa\u0142y organizacjom listy os\u00f3b zakwalifikowanych do pomocy z PO P\u017b, pod warunkiem uzyskania ich zgody. Przy dokonywaniu kwalifikacji OPS-y bra\u0142y pod uwag\u0119 fakt korzystania z form pomocy finansowanej w ramach wieloletniego programu wspierania finansowego gmin w zakresie do\u017cywiania \u201ePomoc pa\u0144stwa w zakresie do\u017cywiania\u201d na lata 2014\u20132020, tak aby zapewni\u0107 uzupe\u0142niaj\u0105cy charakter pomocy z PO P\u017b. Ponadto rozpowszechnia\u0142y informacje o realizacji PO P\u017b i wskazywa\u0142y najbli\u017csze miejsca lub punkty wydawania artyku\u0142\u00f3w spo\u017cywczych.<\/p>\n<p>- OPR i OPL mog\u0142y w swoich siedzibach przyjmowa\u0107 o\u015bwiadczenia od os\u00f3b kwalifikuj\u0105cych si\u0119 do przyjmowania pomocy \u017cywno\u015bciowej Za\u0142\u0105cznik nr 5 cz\u0119\u015b\u0107 B do WIZ. O\u015bwiadczenie wraz z wype\u0142nionym skierowaniem Za\u0142\u0105cznik nr 5 cz\u0119\u015b\u0107 A przekazywane by\u0142y do w\u0142a\u015bciwych OPS. Kt\u00f3ry potwierdza\u0142 kwalifikowalno\u015b\u0107 do przyznania pomocy. O\u015bwiadczenia o dochodach Za\u0142\u0105cznik nr 5 cz\u0119\u015b\u0107 B przechowywane by\u0142y we w\u0142a\u015bciwym OPS.<\/p>\n<p>\u2013\u00a0 OPR i OPL samodzielnie kwalifikowa\u0142y wy\u0142\u0105cznie osoby bezdomne do udzia\u0142u w PO P\u017b na podstawie\u00a0 o\u015bwiadczenia, stanowi\u0105cego Za\u0142\u0105cznik nr 6 do WIZ.<\/p>\n<p>Ka\u017cda jednostka organizacyjna PKPS \/ organizacja wsp\u00f3\u0142pracuj\u0105ca zobowi\u0105zana by\u0142a do prowadzenia rzetelnej dokumentacji potwierdzaj\u0105cej kwalifikowalno\u015b\u0107 os\u00f3b otrzymuj\u0105cych gotowe artyku\u0142y spo\u017cywcze<\/p>\n<p>&nbsp;<\/p>\n<table style=\"width: 1136px;\">\n<tbody>\n<tr>\n<td style=\"width: 1126px;\" colspan=\"11\"><strong>\u00a0<\/strong><strong>ZESTAWIENIE LICZBY OS\u00d3B OBJ\u0118TYCH POMOC\u0104<\/strong><\/td>\n<\/tr>\n<tr>\n<td style=\"width: 79px;\" rowspan=\"2\"><strong>OG\u00d3\u0141EM ILO\u015a\u0106 OS\u00d3B<\/strong><\/td>\n<td style=\"width: 155px;\" colspan=\"2\"><strong>\u00a0 P\u0142e\u0107<\/strong><\/td>\n<td style=\"width: 304px;\" colspan=\"3\"><strong>Wiek<\/strong><\/td>\n<td style=\"width: 570px;\" colspan=\"5\"><strong>Grupy odbiorc\u00f3w<\/strong><\/td>\n<\/tr>\n<tr>\n<td style=\"width: 64px;\"><strong>Kobiety<\/strong><\/td>\n<td style=\"width: 85px;\"><strong>M\u0119\u017cczy\u017ani<\/strong><\/td>\n<td style=\"width: 83px;\"><strong>15 lat lub poni\u017cej<\/strong><\/td>\n<td style=\"width: 100px;\"><strong>\u00a065 lat lub powy\u017cej<\/strong><\/td>\n<td style=\"width: 109px;\"><strong>Pozosta\u0142e osoby<\/strong><\/td>\n<td style=\"width: 84px;\"><strong>Bezdomni<\/strong><\/td>\n<td style=\"width: 144px;\"><strong>Niepe\u0142nosprawni<\/strong><\/td>\n<td style=\"width: 146px;\"><strong>Spo\u0142eczno\u015bci<br \/>\nmarginalizowane<\/strong><\/td>\n<td style=\"width: 103px;\"><strong>Osoby z pozosta\u0142ych grup<\/strong><\/td>\n<td style=\"width: 69px;\"><strong>\u00a0<\/strong><\/td>\n<\/tr>\n<tr>\n<td style=\"width: 79px;\"><strong>6504<\/strong><\/td>\n<td style=\"width: 64px;\"><strong>3097<\/strong><\/td>\n<td style=\"width: 85px;\"><strong>3407<\/strong><\/td>\n<td style=\"width: 83px;\"><strong>\u00a0<\/strong><\/p>\n<p><strong>1634<\/strong><\/p>\n<p><strong>\u00a0<\/strong><\/p>\n<\/td>\n<td style=\"width: 100px;\"><strong>703<\/strong><\/td>\n<td style=\"width: 109px;\"><strong>4167<\/strong><\/td>\n<td style=\"width: 84px;\"><strong>419<\/strong><\/td>\n<td style=\"width: 144px;\"><strong>1556<\/strong><\/td>\n<td style=\"width: 146px;\"><strong>19<\/strong><\/td>\n<td style=\"width: 103px;\"><strong>4878<\/strong><\/td>\n<td style=\"width: 69px;\"><strong>\u00a0<\/strong><\/p>\n<p><strong>\u00a0<\/strong><\/p>\n<\/td>\n<\/tr>\n<tr>\n<td style=\"width: 79px;\">&nbsp;<\/td>\n<td style=\"width: 64px;\">&nbsp;<\/td>\n<td style=\"width: 85px;\">&nbsp;<\/td>\n<td style=\"width: 83px;\">&nbsp;<\/td>\n<td style=\"width: 100px;\">&nbsp;<\/td>\n<td style=\"width: 109px;\">&nbsp;<\/td>\n<td style=\"width: 84px;\">&nbsp;<\/td>\n<td style=\"width: 144px;\">&nbsp;<\/td>\n<td style=\"width: 146px;\">&nbsp;<\/td>\n<td style=\"width: 103px;\">&nbsp;<\/td>\n<td style=\"width: 69px;\">&nbsp;<\/td>\n<\/tr>\n<tr>\n<td style=\"width: 79px;\">&nbsp;<\/td>\n<td style=\"width: 465px;\" colspan=\"5\"><strong>Liczba os\u00f3b obj\u0119ta pomoc\u0105 \u017cywno\u015bciow\u0105 w podziale na wysoko\u015b\u0107 dochodu <\/strong><\/td>\n<td style=\"width: 84px;\">&nbsp;<\/td>\n<td style=\"width: 144px;\">&nbsp;<\/td>\n<td style=\"width: 146px;\">&nbsp;<\/td>\n<td style=\"width: 103px;\">&nbsp;<\/td>\n<td style=\"width: 69px;\">&nbsp;<\/td>\n<\/tr>\n<tr>\n<td style=\"width: 79px;\">&nbsp;<\/td>\n<td style=\"width: 155px;\" colspan=\"2\" rowspan=\"2\"><strong>do 100% kryterium<\/strong><\/td>\n<td style=\"width: 189px;\" colspan=\"2\" rowspan=\"2\"><strong>100% - 200% kryterium<\/strong><\/td>\n<td style=\"width: 109px;\" rowspan=\"2\"><strong>Og\u00f3\u0142em<\/strong><\/td>\n<td style=\"width: 84px;\">&nbsp;<\/td>\n<td style=\"width: 144px;\">&nbsp;<\/td>\n<td style=\"width: 146px;\">&nbsp;<\/td>\n<td style=\"width: 103px;\">&nbsp;<\/td>\n<td style=\"width: 69px;\">&nbsp;<\/td>\n<\/tr>\n<tr>\n<td style=\"width: 79px;\">&nbsp;<\/td>\n<td style=\"width: 84px;\">&nbsp;<\/td>\n<td style=\"width: 144px;\">&nbsp;<\/td>\n<td style=\"width: 146px;\">&nbsp;<\/td>\n<td style=\"width: 103px;\">&nbsp;<\/td>\n<td style=\"width: 69px;\">&nbsp;<\/td>\n<\/tr>\n<tr>\n<td style=\"width: 79px;\">&nbsp;<\/td>\n<td style=\"width: 155px;\" colspan=\"2\"><strong>3883<\/strong><\/td>\n<td style=\"width: 189px;\" colspan=\"2\"><strong>2621<\/strong><\/td>\n<td style=\"width: 109px;\"><strong>6504<\/strong><\/td>\n<td style=\"width: 84px;\">&nbsp;<\/td>\n<td style=\"width: 144px;\">&nbsp;<\/td>\n<td style=\"width: 146px;\">&nbsp;<\/td>\n<td style=\"width: 103px;\">&nbsp;<\/td>\n<td style=\"width: 69px;\">&nbsp;<\/td>\n<\/tr>\n<\/tbody>\n<\/table>\n<p>&nbsp;<\/p>\n<p>&nbsp;<\/p>\n<p>&nbsp;<\/p>\n<p>W ramach Podprogramu 2018 realizowali\u015bmy r\u00f3wnie\u017c dzia\u0142ania towarzysz\u0105ce skierowane do os\u00f3b korzystaj\u0105cych z pomocy \u017cywno\u015bciowej, kt\u00f3re mia\u0142y na celu:<\/p>\n<p>a)\u00a0 w\u0142\u0105czenie os\u00f3b do\u015bwiadczaj\u0105cych deprywacji materialnej w funkcjonowanie spo\u0142eczno\u015bci lokalnych, w szczeg\u00f3lno\u015bci:<\/p>\n<p>- zaj\u0119cia aktywizuj\u0105ce i wsp\u00f3lne inicjatywy na rzecz spo\u0142eczno\u015bci lokalnej, zmierzaj\u0105ce do wyj\u015bcia z ub\u00f3stwa,<br \/>\n- grupy wsparcia dla r\u00f3\u017cnych kategorii os\u00f3b w trudnej sytuacji (np. osoby starsze, matki z dzie\u0107mi, osoby samotne).<\/p>\n<p>b) pomoc towarzysz\u0105c\u0105 niezb\u0119dn\u0105 do zaspokajania podstawowych potrzeb \u017cyciowych - os\u00f3b korzystaj\u0105cych z pomocy \u017cywno\u015bciowej (z wy\u0142\u0105czeniem pomocy rzeczowej) :<\/p>\n<p>- pomoc w utrzymaniu higieny osobistej osobom bezdomnym,<br \/>\n-wsparcie psychologiczne\/terapeutyczne os\u00f3b zagro\u017conych wykluczeniem spo\u0142ecznym.<\/p>\n<p>W ramach tych dzia\u0142a\u0144 przeprowadzili\u015bmy \u0142\u0105cznie<strong> 59\u00a0 spotkania <\/strong>\u00a0w kt\u00f3rych wzi\u0119\u0142o udzia\u0142 <strong>868 os\u00f3b<\/strong>.<\/p>\n<p><strong><u>Rodzaje warsztat\u00f3w:<\/u><\/strong><\/p>\n<ul>\n<li>Warsztaty edukacji ekonomicznej \u2013 17 spotka\u0144, 79 uczestnik\u00f3w<\/li>\n<li>Warsztaty kulinarne \u2013 0 spotkania, 0 uczestnik\u00f3w<\/li>\n<li>Programy edukacyjne maj\u0105ce na celu zapoznanie z zasadami zdrowego od\u017cywiania i przeciwdzia\u0142ania marnotrawieniu \u017cywno\u015bci.\u2013 15 spotka\u0144, 117 uczestnik\u00f3w<\/li>\n<li>Warsztaty dietetyczne i dotycz\u0105ce zdrowego \u017cywienia - 27 spotka\u0144, 672 uczestnik\u00f3w<\/li>\n<\/ul>\n<p>W ca\u0142ym Podprogramie 2018 wydano 325,586 ton \u017cywno\u015bci , liczba przekazanych paczek 30.093 sztuk.<\/p>\n<\/div>\n<\/div><\/div><\/div><\/div><\/div>","protected":false},"excerpt":{"rendered":"<p>PO P\u017b Podprogram 2018 by\u0142 realizowany w okresie wrze\u015bnia 2018 r. \u2013\u00a0 czerwca 2019 r. przez\u00a0 Zachodniopomorski Zarz\u0105d Wojew\u00f3dzki Polskiego Komitetu Pomocy Spo\u0142ecznej. Celem og\u00f3lnym by\u0142o zapewnienie najubo\u017cszym mieszka\u0144com Polski pomocy \u017cywno\u015bciowej oraz uczestnictwa w dzia\u0142aniach w ramach \u015brodk\u00f3w towarzysz\u0105cych. \u00a0W realizacji programu uczestniczy\u0142y Zarz\u0105dy Terenowe PKPS: Zarz\u0105d Powiatowy PKPS ul. Lipowa 8 72-100 Goleni\u00f3w [&hellip;]<\/p>\n","protected":false},"author":1,"featured_media":0,"parent":0,"menu_order":0,"comment_status":"closed","ping_status":"closed","template":"","meta":{"footnotes":"","_links_to":"","_links_to_target":""},"class_list":["post-406","page","type-page","status-publish"],"_links":{"self":[{"href":"https:\/\/szczecin.pkps.org.pl\/index.php?rest_route=\/wp\/v2\/pages\/406","targetHints":{"allow":["GET"]}}],"collection":[{"href":"https:\/\/szczecin.pkps.org.pl\/index.php?rest_route=\/wp\/v2\/pages"}],"about":[{"href":"https:\/\/szczecin.pkps.org.pl\/index.php?rest_route=\/wp\/v2\/types\/page"}],"author":[{"embeddable":true,"href":"https:\/\/szczecin.pkps.org.pl\/index.php?rest_route=\/wp\/v2\/users\/1"}],"replies":[{"embeddable":true,"href":"https:\/\/szczecin.pkps.org.pl\/index.php?rest_route=%2Fwp%2Fv2%2Fcomments&post=406"}],"version-history":[{"count":2,"href":"https:\/\/szczecin.pkps.org.pl\/index.php?rest_route=\/wp\/v2\/pages\/406\/revisions"}],"predecessor-version":[{"id":444,"href":"https:\/\/szczecin.pkps.org.pl\/index.php?rest_route=\/wp\/v2\/pages\/406\/revisions\/444"}],"wp:attachment":[{"href":"https:\/\/szczecin.pkps.org.pl\/index.php?rest_route=%2Fwp%2Fv2%2Fmedia&parent=406"}],"curies":[{"name":"wp","href":"https:\/\/api.w.org\/{rel}","templated":true}]}}